{"id":40553,"date":"2024-05-09T11:18:37","date_gmt":"2024-05-09T09:18:37","guid":{"rendered":"https:\/\/www.typicalsicily.it\/?post_type=listing&#038;p=40553"},"modified":"2024-05-09T11:18:37","modified_gmt":"2024-05-09T09:18:37","slug":"comune-di-terrasini","status":"publish","type":"listing","link":"https:\/\/www.typicalsicily.it\/en\/listing\/comune-di-terrasini\/","title":{"rendered":"Comune di Terrasini"},"content":{"rendered":"<h3><span style=\"color: #a31114;\">Cenni storici<\/span><\/h3>\n<hr \/>\n<p>Terrasini, dal latino Terra-Sinus (terra delle insenature), \u00e8 un paese in provincia di Palermo che si affaccia sul Golfo di Castellammare. A partire dal 1200 d.C. il feudo ebbe un padrone, Rodolfo Bonello, fino ad arrivare ai La Grua Talamanca che acquistarono il territorio da Donato Gazzara. Col trascorrere degli anni il feudo and\u00f2 sempre pi\u00f9 ad ampliarsi. Nel 1836 al feudo di Terrasini si aggiunse il villaggio di Favarotta, staccandosi da Cinisi, ma con la morte del Duca D\u2019Orleans, gli eredi smembrarono e vendettero per parti il suo feudo dello Zucco.<\/p>\n<h3 style=\"text-align: justify;\"><span style=\"color: #a31114;\">Attrattiva principale<\/span><\/h3>\n<hr \/>\n<p>La festa di li Schietti nasce intorno al 1850-1860 a Terrasini e si svolge il sabato Santo e la domenica di Pasqua. I protagonisti sono l\u2019albero e gli schietti, i celibi del paese, che sfoggiano la propria forza sollevando e tenendo in equilibrio, su una sola mano, un melangolo o arancio amaro di 50 kg.  Originariamente l\u2019alzata dell\u2019albero veniva fatta sotto il balcone della donna amata e ci\u00f2 corrispondeva ad una vera e propria promessa di matrimonio. Oggi, invece, la tradizione si \u00e8 evoluta in una vera e propria gara, istituita nel 1966 grazie alla Pro Loco, in cui il vincitore \u00e8  colui che riesce a tenere alzato l\u2019albero pi\u00f9 a lungo possibile contendendosi cos\u00ec la coppa d\u2019argento.<\/p>\n<h3 style=\"text-align: justify;\"><span style=\"color: #a31114;\">Da visitare<\/span><\/h3>\n<hr \/>\n<p><strong>PIAZZA DUOMO E CHIESA MADRE<\/strong><\/p>\n<p>Piazza Duomo \u00e8 circondata da numerosi locali, bar e ristoranti. Qui vi \u00e8 la Chiesa Madre Maria SS. delle Grazie la cui costruzione risale intorno alla seconda met\u00e0 del 1600. La costruzione, che avvenne nel 1683 restaurando l\u2019antica navata realizzata dal Barone Donato Giovanni Gazzara, termin\u00f2 intorno al 1973. La chiesa \u00e8 in stile romanico, con pianta a croce latina a tre navate e ogni lato poggia su sei colonne monolitiche di marmo estratte dalla locale cava di Calaporro, ed \u00e8 composta anche da due campanili e da una grande cupola coperta. All&#8217;interno, lungo la navata centrale, si trovano un battistero e diverse cappelle, tra cui la cappella del SS. Crocifisso e la cappella della Madonna della Chiesa delle Grazie. Ricchissimi sono i dipinti sulle pareti , tra i quali si riconosce il dipinto &#8220;Madonna del Rosario&#8221; di Luigi Lo Iacono del 1840. Altro elemento prezioso \u00e8 l&#8217;organo a canne del 1750 che si trova a destra del coro, mentre i pavimenti sono rivestiti in marmo di Carrara e Billemi.<\/p>\n<p><strong>PALAZZO D\u2019AUMALE <\/strong><\/p>\n<p>Attorno al 1835 fu avviata l\u2019edificazione di una struttura, che si affaccia sul lungomare di Terrasini, da Don Vincenzo Grifeo, Duca di Floridia e Principe di Partanna, adibita ai magazzini per la conservazione del vino prodotto nelle campagne dello Zucco. Nel 1860 il Duca Henri d\u2019Orleans duca d\u2019Aumale provvede al restauro trasformandola in una moderna cantina enologica.  Nel 1979 viene stilato un nuovo progetto per la trasformazione della struttura del palazzo d\u2019Aumale in \u201c progetto di un museo di scienze naturali da impiantare a Terrasini \u201d. Dal 2001 il Palazzo diventa Museo Regionale di storia naturale e storia permanente del carretto siciliano, palermitano e trapanese ed \u00e8 costituito: da collezioni etnografiche (carretti, modellini di barche, cultura materiale) e da collezioni naturalistiche (paleontologiche, malacologiche, entomologiche, ornitologiche e mammiferi). Si tratta quindi di un Museo multidisciplinare diviso in quattro sezioni tecniche: Archeologica, Etnoantropologica e Naturalistica (che comprende un settore geopaleontologico) e Bibliografica.<\/p>\n<p><strong>PALAZZO LA GRUA &#8211; TALAMANCA<\/strong><\/p>\n<p>Storica sede settecentesca dei principi di Carini La Grua &#8211; Talamanca a Terrasini, oggi diventata sede municipale. L&#8217;originaria fisionomia settecentesca del Palazzo \u00e8 stata notevolmente trasformata a seguito di un imponente restauro, ma nell&#8217;ala del pianterreno che ospita l&#8217;Antiquarium \u00e8 ancora visibile il ricordo dell&#8217;antica costruzione, con la serie di arcate che definiscono la profondit\u00e0 delle sale. La facciata del Palazzo presenta lo stemma della famiglia (lo scudo con una gru e con quadrettini bianchi e azzurri), divenuto oggi il simbolo della Citt\u00e0 di Terrasini; il Palazzo \u00e8 situato in piazza Falcone e Borsellino.<\/p>\n<p>Nel 1700 Terrasini non aveva una propria sede municipale e il vero punto di riferimento era la chiesa, tanto che i registri della parrocchia erano i registri della comunit\u00e0.  La storia municipale di Terrasini inizia il 22 ottobre 1836 sotto Ferdinando II di Borbone (1810-1859), con l\u2019unificazione dei due villaggi limitrofi di Terrasini e Favarotta.<\/p>\n<p><strong>CHIESA MARIA SANTISSIMA DELLA PROVVIDENZA<\/strong><\/p>\n<p>La Chiesa della Madonna della Provvidenza si affaccia sulla scogliera davanti al mare ed era in origine un santuario mariano. Nel 1923 alcuni pescatori acquistarono i magazzini adiacenti a una piccola e antica cappella, dove vi era posta l\u2019effige della Madonna della Provvidenza, e gradualmente venne innalzato un campanile e installato un grande orologio nella torre delle campane. La Chiesa \u00e8 stata eretta nel 1952, sul porto di Terrasini, per accogliere e proteggere i pescatori che da l\u00ec partono e fanno ritorno. Successivamente fu acquistata la casa canonica adiacente per garantire uno spazio dedicato alla sacrestia, agli uffici parrocchiali e alle attivit\u00e0 delle associazioni religiose.<\/p>\n<p><strong>CHIESA SANTA ROSALIA <\/strong><\/p>\n<p>La Chiesa di Santa Rosalia, costruita nel 1683, venne realizzata dai Padri Benedettini e dall\u2019Arciprete di Cinisi e fu affidata alle Suore Domenicane di San Sisto Vecchio. La Chiesa venne aperta ai religiosi il 17 giugno 1707 come succursale alla Parrocchia di Cinisi. Successivamente pass\u00f2 alle dipendenze della Chiesa Madre di Terrasini nel 1878. La chiesa presenta un impianto basilica ad unica navata con cappelle laterali. Nell\u2019altare si trova una decorazione fitomorfica a foglia d&#8217;oro posta sopra la nicchia absidale e uno stemma vescovile posto sull&#8217;archivolto, tra la navata e il presbiterio.<\/p>\n<p><strong>TORRE ALBA <\/strong><\/p>\n<p>Torre Alba (o Torre di Calabianca o Fanara) fu costruita attorno al 1585 come Torre di avvistamento per le navi nemiche e divenne successivamente una torre di Deputazione del regno di Sicilia. La torre, con i suoi 8 metri per lato e 15 di altezza, presenta il tipico aspetto \u201ccamillianeo \u201d:  con una terrazza merlata con mensoloni su ogni lato, ormai spariti, e con il tetto del primo piano con volta a botte. Per molti anni fu data in uso a un convento di monache, ma dopo i recenti restauri la propriet\u00e0 \u00e8 ora pubblica. Oggi viene usata dall\u2019amministrazione comunale come sede di spettacoli e luogo di celebrazione di matrimoni; ospita anche una raccolta di libri della narrativa siciliana e una collezione del \u201c Giornale di Sicilia \u201d e de \u201c La Repubblica \u201d.<\/p>\n<p><strong> <\/strong><strong>RISERVA NATURALE DI CAPORAMA <\/strong><\/p>\n<p>L\u2019area di Capo Rama \u00e8 stata oggetto di tutela fin dal 1968 da parte del Comune di Terrasini come \u201c Biotopo d\u2019inestimabile valore \u201d. Con il Decreto Assessoriale del 23 giugno 2000 \u00e8 stata istituita la Riserva Naturale Orientata Capo Rama, la cui gestione \u00e8 affidata al WWF Italia Onlus. La Riserva \u00e8 stata istituita per salvaguardare il territorio di notevole interesse scientifico &#8211; geologico, floristico e faunistico, nonch\u00e9 per l\u2019aspetto paesaggistico. Essa \u00e8 caratterizzata da una scogliera alta circa 35 m colonizzata da vegetazione alofila, mentre sul pianoro (a ridosso della linea di costa) domina la macchia a palma nana, unica palma autoctona d\u2019Europa. La ricchezza floristica garantisce molti rifugi e ambienti eterogenei per la fauna, soprattutto per uccelli, mammiferi, rettili e per le numerose specie d\u2019invertebrati. In quest\u2019area affiorano rocce calcaree, ricche di fossili, che risalgono a circa 200 milioni di anni fa.<\/p>\n<p><strong>BIBLIOTECA COMUNALE &#8211; PALAZZO CATALDI <\/strong><\/p>\n<p>Nel 700 Don Vincenzo La Grua &#8211; Talamanca fece realizzare il palazzo che divenne la sede estiva dei principi di Carini. La struttura conta circa 600 metri quadri, suddivisi su due piani. Al primo si trova una sala multimediale, mentre al secondo si trovano due grandi ambienti adibiti a sala lettura. La biblioteca \u00e8 dotata, inoltre, di un\u2019emeroteca (attualmente dislocata nei locali dell\u2019ex antiquarium di Terrasini). All\u2019interno vi sono collezioni librarie per un totale di circa 37.000 documenti, di cui quattro sono le collezioni speciali (fascismo, mare, linguistica, storia dei comuni siciliani). Sempre nel Palazzo si trova, inoltre, l\u2019archivio storico che custodisce documenti utili sulla storia di Terrasini. Nel 1998 la biblioteca fu intitolata a Claudio Catalfio, il sindaco che fu promotore della nascita della biblioteca.<\/p>\n<p>&nbsp;<\/p>\n<h3 style=\"text-align: justify;\"><span style=\"color: #a31114;\">Tipicit\u00e0<\/span><\/h3>\n<hr \/>\n<p>Terrasini \u00e8 un importante centro marinaro il cui alimento principale \u00e8 il pesce fresco. Fra le tipicit\u00e0 gastronomiche del comune vi \u00e8 la \u201c Sagra dei Maccarruna \u201d dove \u00e8 possibile gustare un buon piatto di maccarruna con sugo di pomodoro e melanzane fritte.<\/p>\n<p>&nbsp;<\/p>\n<h3 style=\"text-align: justify;\"><span style=\"color: #a31114;\">Appuntamenti<\/span><\/h3>\n<hr \/>\n<p><strong>MARZO <\/strong><\/p>\n<p><strong>FESTA DI SAN GIUSEPPE:<\/strong> durante questa ricorrenza vengono allestite delle mense ben adornate. All\u2019interno di esse \u00e8 sempre presente una tavola apparecchiata con tre piatti, per rappresentare simbolicamente la dedizione nei confronti di Ges\u00f9, Giuseppe e Maria.<\/p>\n<p>&nbsp;<\/p>\n<p><strong>MARZO &#8211; APRILE <\/strong><\/p>\n<p><strong>FESTA DEGLI SCHIETTI<\/strong>: si svolge il sabato e la domenica di Pasqua. \u00c8 una prova di destrezza con la quale lo schietto dimostra la sua abilit\u00e0 e forza fisica. Per far ci\u00f2 egli sollever\u00e0 un albero di arancio amaro dal peso di 50\/55 Kg , mantenendolo alzato e in equilibrio con una sola mano pi\u00f9 tempo possibile.<\/p>\n<p>&nbsp;<\/p>\n<p><strong>GIUGNO <\/strong><\/p>\n<p><strong>FESTA DI SAN PIETRO:  <\/strong>\u00e8 il Santo protettore dei pescatori. I giorni dei festeggiamenti consistono in una suggestiva processione di barche che seguono la barca capofila alla cui prua \u00e8 saldata la statua del Santo. Seguono la messa, i giochi vari tradizionali (l\u2019antinna a mare) e la grande padellata di pesce azzurro al porto.<\/p>\n<p>&nbsp;<\/p>\n<p><strong>LUGLIO<\/strong><\/p>\n<p><strong>SICILIA FILM FEST: <\/strong>si svolge al palazzo D\u2019Aumale ogni marted\u00ec. Si tratta di proiezioni di pellicole che abbracciano i gusti cinematografici degli amanti del cinema.<\/p>\n<p><strong>UN<\/strong> <strong>MARE DI LIBRI: <\/strong>La rassegna letteraria \u201c Un mare di libri \u201d viene promossa e patrocinata dal Comune di Terrasini, con la collaborazione della Biblioteca Comunale \u201cClaudio Catalfio\u201d e si svolge annualmente al palazzo D\u2019Aumale.<\/p>\n<p><strong> <\/strong><\/p>\n<p><strong>AGOSTO <\/strong><\/p>\n<p><strong>VERNISSAGE D\u2019ARTE:<\/strong> Mostra di pittura, scultura, digital art e fotografia  organizzata dalla Pro Loco, dalla durata di tre giorni, il cui scopo \u00e8 quello di mettere in mostra le opere di vari artisti provenienti da diverse citt\u00e0 siciliane.<\/p>\n<p><strong>SCRUSCIO: <\/strong>si tratta di un festival dedicato alla sicilianit\u00e0. Tre serate all\u2019insegna della musica, del ballo e delle risate.<\/p>\n<p><strong>TERRASINI OPERA FESTIVAL: <\/strong>le note della lirica e i preziosi costumi di scena creano un teatro a cielo aperto per un\u2019esperienza indimenticabile all\u2019anfiteatro Villa a Mare.<\/p>\n<p>&nbsp;<\/p>\n<p><strong>SETTEMBRE<\/strong><\/p>\n<p><strong>NOTTE DELLE LUCI<\/strong>: la notte del 1\u00b0 settembre i fedeli accendono dei lumini  in ricordo della luminaria di ringraziamento del settembre 1726 in cui un violento terremoto colp\u00ec Palermo e i territori vicini provocando morti, feriti e rovine; ma la citt\u00e0 rimase miracolosamente in piedi.<\/p>\n<p><strong>FESTA MARIA SS. DELLE GRAZIE<\/strong>: \u00e8 la festa della Santa patrona di Terrasini e ricade l\u20198 settembre. Il culto vede protagonista la statua rappresentante la Vergine e collocata nell\u2019altare maggiore del Duomo a lei dedicato. I festeggiamenti consistono in funzioni religiose in onore della Madonna quali la processione, spettacoli e giochi pirotecnici.<\/p>\n<p><strong>XINUS BEER FESTIVAL: <\/strong>serate ricche di musica, street food e fiumi di birra artigianale. Un evento all\u2019insegna della compagnia e delle specialit\u00e0 locali in ambito di food&amp;beer che si svolge tra il lungomare Peppino Impastato e l\u2019anfiteatro Villa a Mare.<\/p>\n<p><strong>FISH&amp;PASTA: <\/strong>Il pesce azzurro e la pasta sono i protagonisti indiscussi di questa kermesse che, attraverso un susseguirsi d\u2019incontri tra esperti del settore, presenta e affronta i nuovi temi legati alla sana alimentazione e alla dieta mediterranea dove inoltre sar\u00e0 anche possibile assaggiare i diversi piatti di pasta preparati con pesce locale.<\/p>\n<p>&nbsp;<\/p>\n<p><strong>OTTOBRE<\/strong><\/p>\n<p><strong>FESTA DI MARIA SANTISSIMA DEL ROSARIO: <\/strong>Si svolge la prima domenica di ottobre per celebrare Maria Santissima del Rosario. In quest\u2019occasione sar\u00e0 possibile, oltre che partecipare all\u2019evento religioso e alla processione, degustare prodotti tipici locali e assistere a uno spettacolo serale a chiusura dell\u2019evento.<\/p>\n<p>&nbsp;<\/p>\n<p><strong>DICEMBRE<\/strong><\/p>\n<p><strong>I PRESEPI NELLE CAPPELLE VOTIVE: <\/strong>Si tratta di un percorso lungo il quale si trovano cinque cappelle, luoghi simbolo della religiosit\u00e0 e devozione, in cui vengono esposti alcuni presepi con la collaborazione della Pro Loco.<\/p>\n<p><strong>MOSTRA DI PRESEPI: <\/strong>si svolge dall\u20198 dicembre al 6 gennaio in via G. Di Stefano, dove \u00e8 possibile ammirare presepi di diverse dimensioni e realizzati artigianalmente.<\/p>\n<p>&nbsp;<\/p>\n<h3 style=\"text-align: justify;\"><span style=\"color: #a31114;\">Tempo Libero<\/span><\/h3>\n<hr \/>\n<p><strong>COSTE, GROTTE E SPIAGGIE DI TERRASINI <\/strong><\/p>\n<p>La costa terrasinese, dal colore rosso mattone, confinante col mare abbraccia tutto il territorio del paese. Dal Lungomare Peppino Impastato \u00e8 possibile accedere alla spiaggia Praiola e potere ammirare  le bellezze naturali di diverse calette tra le quali:  Grotta \u201c Pirciata &#8220;, vicino Cala Maidduzza, decantata dal poeta in vernacolo Giovanni Meli dove trovava fonte d\u2019ispirazione per le sue pi\u00f9 grandi opere; \u201c Cala Rossa \u201d da dove, affacciandosi sul mare, \u00e8 possibile ammirare l\u2019isolotto, immagine simbolo di Terrasini insieme ai famosi faraglioni. In questa zona, inoltre, vi sono stati parecchi rinvenimenti di reperti storici di epoca romana. La costa terrasinese \u00e8 costellata di affascinanti grotte e insenature.<\/p>\n<p><strong> <\/strong><\/p>\n<h3 style=\"text-align: justify;\"><span style=\"color: #a31114;\">Itinerari<\/span><\/h3>\n<hr \/>\n<p><strong>PANCHINE LETTERARIE <\/strong><\/p>\n<p>Inaugurate a Giugno del 2019, le panchine letterarie sono dedicate ai grandi nomi della letteratura e dell\u2019arte che sono motivo di vanto per il territorio. Il progetto \u00e8 stato curato dall\u2019associazione \u201cA Tutta Vita\u201d di Roberta D\u2019Asta e Chiara Giordano, il cui intento \u00e8 quello di portare al di fuori dei confini locali il nome di Terrasini tramite personaggi che, con le loro opere, sono ormai conosciuti in tutto il mondo. Il percorso, formato da cinque panchine, si estende per tutto il lungomare della costa terrasinese e rende omaggio ai seguenti illustri siciliani: Andrea Camilleri, Rosa Balistreri, Giovanni Meli, Leonardo Sciascia e Giuseppe Tornatore. L\u2019itinerario, lungo tutto il nostro litorale costiero, consente ai visitatori di poter ammirare il mare e le meraviglie della nostra terra.<\/p>\n<p>&nbsp;<\/p>\n<p><strong>SENTIERI DI MIRCENE<\/strong><\/p>\n<p>Meta interessante per gli amanti del trekking, costituita da un percorso ad anello con spettacolare visuale sul golfo e Punta Raisi. Il sentiero inizia presso i ruderi del castello di Gazzara. Tra le principali tappe vi sono: \u201c La Montagnola \u201d ; \u201c Presunta Heirktai \u201d e \u201c Direzione Piano Tavole \u201d. Inoltre, fuori mappa, sono presenti: \u201c Piano Margi \u201d ;\u201c Bosco Malaverra \u201d e \u201c Monte Pecoraro \u201d. Durante l\u2019intera durata dell\u2019escursione \u00e8 possibile godere della visuale del \u201c Monte Palmeto \u201d che, con i suoi 645 m, venne scelto come postazione e accampamento militare dai cartaginesi sulla Montagnola. La vegetazione \u00e8 tipica: a tratti macchia mediterranea; sommacco siciliano; olivo selvatico; palma nana o scupazzu e la graminacea detta disa. Il territorio \u00e8 molto assolato e in alcuni tratti insiste una verde vegetazione boschiva di conifere. La fauna \u00e8 ricca di corvi imperiali, cornacchie, gheppi, coturnice siciliana e altre specie di uccelli stanziali. Inoltre pu\u00f2 capitare di vedere volteggiare le poiane ed \u00e8 anche punto di nidificazione dell&#8217;aquila del Bonelli. Lungo il percorso \u00e8 costante la presenza della vacca cinisara.<\/p>\n","protected":false},"featured_media":40562,"template":"","listingcategory":[1657,3176],"listingtags":[2323,3523,2003],"class_list":["post-40553","listing","type-listing","status-publish","has-post-thumbnail","hentry","listingcategory-comuni","listingcategory-tutti-i-comuni","listingtags-comune-della-sicilia","listingtags-comune-di-terrasini","listingtags-vacanze-in-sicilia"],"yoast_head":"<!-- This site is optimized with the Yoast SEO plugin v23.6 - https:\/\/yoast.com\/wordpress\/plugins\/seo\/ -->\n<title>Comune della Sicilia - Terrasini - Typical Sicily<\/title>\n<meta name=\"description\" content=\"Terrasini, dal latino Terra-Sinus (terra delle insenature), \u00e8 un paese in provincia di Palermo che si affaccia sul Golfo di Castellammare.\" \/>\n<meta name=\"robots\" content=\"index, follow, max-snippet:-1, max-image-preview:large, max-video-preview:-1\" \/>\n<link rel=\"canonical\" href=\"https:\/\/www.typicalsicily.it\/en\/listing\/comune-di-terrasini\/\" \/>\n<meta property=\"og:locale\" content=\"en_US\" \/>\n<meta property=\"og:type\" content=\"article\" \/>\n<meta property=\"og:title\" content=\"Comune della Sicilia - Terrasini - Typical Sicily\" \/>\n<meta property=\"og:description\" content=\"Terrasini, dal latino Terra-Sinus (terra delle insenature), \u00e8 un paese in provincia di Palermo che si affaccia sul Golfo di Castellammare.\" \/>\n<meta property=\"og:url\" content=\"https:\/\/www.typicalsicily.it\/en\/listing\/comune-di-terrasini\/\" \/>\n<meta property=\"og:site_name\" content=\"Typical Sicily\" \/>\n<meta property=\"article:publisher\" content=\"https:\/\/www.facebook.com\/typicalsicily.it?fref=ts\" \/>\n<meta property=\"og:image\" content=\"https:\/\/www.typicalsicily.it\/wp-content\/uploads\/2024\/05\/terrasini-in-volo-foto-introduzione-scaled.jpg\" \/>\n\t<meta property=\"og:image:width\" content=\"2560\" \/>\n\t<meta property=\"og:image:height\" content=\"1920\" \/>\n\t<meta property=\"og:image:type\" content=\"image\/jpeg\" \/>\n<meta name=\"twitter:card\" content=\"summary_large_image\" \/>\n<meta name=\"twitter:site\" content=\"@typicalsicily\" \/>\n<meta name=\"twitter:label1\" content=\"Est. reading time\" \/>\n\t<meta name=\"twitter:data1\" content=\"13 minutes\" \/>\n<script type=\"application\/ld+json\" class=\"yoast-schema-graph\">{\"@context\":\"https:\/\/schema.org\",\"@graph\":[{\"@type\":\"WebPage\",\"@id\":\"https:\/\/www.typicalsicily.it\/en\/listing\/comune-di-terrasini\/\",\"url\":\"https:\/\/www.typicalsicily.it\/en\/listing\/comune-di-terrasini\/\",\"name\":\"Comune della Sicilia - Terrasini - Typical Sicily\",\"isPartOf\":{\"@id\":\"https:\/\/www.typicalsicily.it\/en\/#website\"},\"primaryImageOfPage\":{\"@id\":\"https:\/\/www.typicalsicily.it\/en\/listing\/comune-di-terrasini\/#primaryimage\"},\"image\":{\"@id\":\"https:\/\/www.typicalsicily.it\/en\/listing\/comune-di-terrasini\/#primaryimage\"},\"thumbnailUrl\":\"https:\/\/www.typicalsicily.it\/wp-content\/uploads\/2024\/05\/terrasini-in-volo-foto-introduzione-scaled.jpg\",\"datePublished\":\"2024-05-09T09:18:37+00:00\",\"dateModified\":\"2024-05-09T09:18:37+00:00\",\"description\":\"Terrasini, dal latino Terra-Sinus (terra delle insenature), \u00e8 un paese in provincia di Palermo che si affaccia sul Golfo di Castellammare.\",\"breadcrumb\":{\"@id\":\"https:\/\/www.typicalsicily.it\/en\/listing\/comune-di-terrasini\/#breadcrumb\"},\"inLanguage\":\"en-US\",\"potentialAction\":[{\"@type\":\"ReadAction\",\"target\":[\"https:\/\/www.typicalsicily.it\/en\/listing\/comune-di-terrasini\/\"]}]},{\"@type\":\"ImageObject\",\"inLanguage\":\"en-US\",\"@id\":\"https:\/\/www.typicalsicily.it\/en\/listing\/comune-di-terrasini\/#primaryimage\",\"url\":\"https:\/\/www.typicalsicily.it\/wp-content\/uploads\/2024\/05\/terrasini-in-volo-foto-introduzione-scaled.jpg\",\"contentUrl\":\"https:\/\/www.typicalsicily.it\/wp-content\/uploads\/2024\/05\/terrasini-in-volo-foto-introduzione-scaled.jpg\",\"width\":2560,\"height\":1920},{\"@type\":\"BreadcrumbList\",\"@id\":\"https:\/\/www.typicalsicily.it\/en\/listing\/comune-di-terrasini\/#breadcrumb\",\"itemListElement\":[{\"@type\":\"ListItem\",\"position\":1,\"name\":\"Home\",\"item\":\"https:\/\/www.typicalsicily.it\/en\/\"},{\"@type\":\"ListItem\",\"position\":2,\"name\":\"Comune di Terrasini\"}]},{\"@type\":\"WebSite\",\"@id\":\"https:\/\/www.typicalsicily.it\/en\/#website\",\"url\":\"https:\/\/www.typicalsicily.it\/en\/\",\"name\":\"Typical Sicily\",\"description\":\"Portale Turistico\",\"publisher\":{\"@id\":\"https:\/\/www.typicalsicily.it\/en\/#organization\"},\"potentialAction\":[{\"@type\":\"SearchAction\",\"target\":{\"@type\":\"EntryPoint\",\"urlTemplate\":\"https:\/\/www.typicalsicily.it\/en\/?s={search_term_string}\"},\"query-input\":{\"@type\":\"PropertyValueSpecification\",\"valueRequired\":true,\"valueName\":\"search_term_string\"}}],\"inLanguage\":\"en-US\"},{\"@type\":\"Organization\",\"@id\":\"https:\/\/www.typicalsicily.it\/en\/#organization\",\"name\":\"Typical Sicily\",\"url\":\"https:\/\/www.typicalsicily.it\/en\/\",\"logo\":{\"@type\":\"ImageObject\",\"inLanguage\":\"en-US\",\"@id\":\"https:\/\/www.typicalsicily.it\/en\/#\/schema\/logo\/image\/\",\"url\":\"https:\/\/typicalsicily.wiselyst.cloud\/wp-content\/uploads\/2022\/06\/site-icon.jpg\",\"contentUrl\":\"https:\/\/typicalsicily.wiselyst.cloud\/wp-content\/uploads\/2022\/06\/site-icon.jpg\",\"width\":512,\"height\":512,\"caption\":\"Typical Sicily\"},\"image\":{\"@id\":\"https:\/\/www.typicalsicily.it\/en\/#\/schema\/logo\/image\/\"},\"sameAs\":[\"https:\/\/www.facebook.com\/typicalsicily.it?fref=ts\",\"https:\/\/x.com\/typicalsicily\",\"https:\/\/www.youtube.com\/channel\/UC4hnVQQAVZY2-8eYK-gjFKw\",\"https:\/\/www.pinterest.it\/typicalsicily\/\"]}]}<\/script>\n<!-- \/ Yoast SEO plugin. -->","yoast_head_json":{"title":"Comune della Sicilia - Terrasini - Typical Sicily","description":"Terrasini, dal latino Terra-Sinus (terra delle insenature), \u00e8 un paese in provincia di Palermo che si affaccia sul Golfo di Castellammare.","robots":{"index":"index","follow":"follow","max-snippet":"max-snippet:-1","max-image-preview":"max-image-preview:large","max-video-preview":"max-video-preview:-1"},"canonical":"https:\/\/www.typicalsicily.it\/en\/listing\/comune-di-terrasini\/","og_locale":"en_US","og_type":"article","og_title":"Comune della Sicilia - Terrasini - Typical Sicily","og_description":"Terrasini, dal latino Terra-Sinus (terra delle insenature), \u00e8 un paese in provincia di Palermo che si affaccia sul Golfo di Castellammare.","og_url":"https:\/\/www.typicalsicily.it\/en\/listing\/comune-di-terrasini\/","og_site_name":"Typical Sicily","article_publisher":"https:\/\/www.facebook.com\/typicalsicily.it?fref=ts","og_image":[{"width":2560,"height":1920,"url":"https:\/\/www.typicalsicily.it\/wp-content\/uploads\/2024\/05\/terrasini-in-volo-foto-introduzione-scaled.jpg","type":"image\/jpeg"}],"twitter_card":"summary_large_image","twitter_site":"@typicalsicily","twitter_misc":{"Est. reading time":"13 minutes"},"schema":{"@context":"https:\/\/schema.org","@graph":[{"@type":"WebPage","@id":"https:\/\/www.typicalsicily.it\/en\/listing\/comune-di-terrasini\/","url":"https:\/\/www.typicalsicily.it\/en\/listing\/comune-di-terrasini\/","name":"Comune della Sicilia - Terrasini - Typical Sicily","isPartOf":{"@id":"https:\/\/www.typicalsicily.it\/en\/#website"},"primaryImageOfPage":{"@id":"https:\/\/www.typicalsicily.it\/en\/listing\/comune-di-terrasini\/#primaryimage"},"image":{"@id":"https:\/\/www.typicalsicily.it\/en\/listing\/comune-di-terrasini\/#primaryimage"},"thumbnailUrl":"https:\/\/www.typicalsicily.it\/wp-content\/uploads\/2024\/05\/terrasini-in-volo-foto-introduzione-scaled.jpg","datePublished":"2024-05-09T09:18:37+00:00","dateModified":"2024-05-09T09:18:37+00:00","description":"Terrasini, dal latino Terra-Sinus (terra delle insenature), \u00e8 un paese in provincia di Palermo che si affaccia sul Golfo di Castellammare.","breadcrumb":{"@id":"https:\/\/www.typicalsicily.it\/en\/listing\/comune-di-terrasini\/#breadcrumb"},"inLanguage":"en-US","potentialAction":[{"@type":"ReadAction","target":["https:\/\/www.typicalsicily.it\/en\/listing\/comune-di-terrasini\/"]}]},{"@type":"ImageObject","inLanguage":"en-US","@id":"https:\/\/www.typicalsicily.it\/en\/listing\/comune-di-terrasini\/#primaryimage","url":"https:\/\/www.typicalsicily.it\/wp-content\/uploads\/2024\/05\/terrasini-in-volo-foto-introduzione-scaled.jpg","contentUrl":"https:\/\/www.typicalsicily.it\/wp-content\/uploads\/2024\/05\/terrasini-in-volo-foto-introduzione-scaled.jpg","width":2560,"height":1920},{"@type":"BreadcrumbList","@id":"https:\/\/www.typicalsicily.it\/en\/listing\/comune-di-terrasini\/#breadcrumb","itemListElement":[{"@type":"ListItem","position":1,"name":"Home","item":"https:\/\/www.typicalsicily.it\/en\/"},{"@type":"ListItem","position":2,"name":"Comune di Terrasini"}]},{"@type":"WebSite","@id":"https:\/\/www.typicalsicily.it\/en\/#website","url":"https:\/\/www.typicalsicily.it\/en\/","name":"Typical Sicily","description":"Portale Turistico","publisher":{"@id":"https:\/\/www.typicalsicily.it\/en\/#organization"},"potentialAction":[{"@type":"SearchAction","target":{"@type":"EntryPoint","urlTemplate":"https:\/\/www.typicalsicily.it\/en\/?s={search_term_string}"},"query-input":{"@type":"PropertyValueSpecification","valueRequired":true,"valueName":"search_term_string"}}],"inLanguage":"en-US"},{"@type":"Organization","@id":"https:\/\/www.typicalsicily.it\/en\/#organization","name":"Typical Sicily","url":"https:\/\/www.typicalsicily.it\/en\/","logo":{"@type":"ImageObject","inLanguage":"en-US","@id":"https:\/\/www.typicalsicily.it\/en\/#\/schema\/logo\/image\/","url":"https:\/\/typicalsicily.wiselyst.cloud\/wp-content\/uploads\/2022\/06\/site-icon.jpg","contentUrl":"https:\/\/typicalsicily.wiselyst.cloud\/wp-content\/uploads\/2022\/06\/site-icon.jpg","width":512,"height":512,"caption":"Typical Sicily"},"image":{"@id":"https:\/\/www.typicalsicily.it\/en\/#\/schema\/logo\/image\/"},"sameAs":["https:\/\/www.facebook.com\/typicalsicily.it?fref=ts","https:\/\/x.com\/typicalsicily","https:\/\/www.youtube.com\/channel\/UC4hnVQQAVZY2-8eYK-gjFKw","https:\/\/www.pinterest.it\/typicalsicily\/"]}]}},"acf":{"address":"Terrasini, PA, Italia","post_city_id":["12"],"geo":{"address":"Terrasini","lat":38.1513700000000000045474735088646411895751953125,"lng":13.0829977999999993443225321243517100811004638671875,"zoom":13,"place_id":"ChIJeyDSed-TGRMR1je2zFk4VMU","city":"Terrasini","state":"Sicilia","state_short":"PA","post_code":"90049","country":"Italia","country_short":"IT"},"listing_timing":"","phone":"prova","email":"","website":"","twitter":"","facebook":"","post_images":[{"ID":40555,"id":40555,"title":"D) Panchina Leonardo Sciascia","filename":"D-Panchina-Leonardo-Sciascia.jpg","filesize":130397,"url":"https:\/\/www.typicalsicily.it\/wp-content\/uploads\/2024\/05\/D-Panchina-Leonardo-Sciascia.jpg","link":"https:\/\/www.typicalsicily.it\/en\/d-panchina-leonardo-sciascia-2\/","alt":"","author":"1","description":"","caption":"","name":"d-panchina-leonardo-sciascia-2","status":"inherit","uploaded_to":0,"date":"2024-05-09 09:14:23","modified":"2024-05-09 09:14:23","menu_order":0,"mime_type":"image\/jpeg","type":"image","subtype":"jpeg","icon":"https:\/\/www.typicalsicily.it\/wp-includes\/images\/media\/default.png","width":960,"height":720,"sizes":{"thumbnail":"https:\/\/www.typicalsicily.it\/wp-content\/uploads\/2024\/05\/D-Panchina-Leonardo-Sciascia-250x165.jpg","thumbnail-width":250,"thumbnail-height":165,"medium":"https:\/\/www.typicalsicily.it\/wp-content\/uploads\/2024\/05\/D-Panchina-Leonardo-Sciascia.jpg","medium-width":960,"medium-height":720,"medium_large":"https:\/\/www.typicalsicily.it\/wp-content\/uploads\/2024\/05\/D-Panchina-Leonardo-Sciascia-768x576.jpg","medium_large-width":768,"medium_large-height":576,"large":"https:\/\/www.typicalsicily.it\/wp-content\/uploads\/2024\/05\/D-Panchina-Leonardo-Sciascia.jpg","large-width":960,"large-height":720,"1536x1536":"https:\/\/www.typicalsicily.it\/wp-content\/uploads\/2024\/05\/D-Panchina-Leonardo-Sciascia.jpg","1536x1536-width":960,"1536x1536-height":720,"2048x2048":"https:\/\/www.typicalsicily.it\/wp-content\/uploads\/2024\/05\/D-Panchina-Leonardo-Sciascia.jpg","2048x2048-width":960,"2048x2048-height":720,"tyipical-sicily-thumbnail":"https:\/\/www.typicalsicily.it\/wp-content\/uploads\/2024\/05\/D-Panchina-Leonardo-Sciascia-380x285.jpg","tyipical-sicily-thumbnail-width":380,"tyipical-sicily-thumbnail-height":285,"tyipical-sicily-taxonomy-filter":"https:\/\/www.typicalsicily.it\/wp-content\/uploads\/2024\/05\/D-Panchina-Leonardo-Sciascia-400x300.jpg","tyipical-sicily-taxonomy-filter-width":400,"tyipical-sicily-taxonomy-filter-height":300}},{"ID":40557,"id":40557,"title":"festa degli schietti 2","filename":"festa-degli-schietti-2.jpg","filesize":183694,"url":"https:\/\/www.typicalsicily.it\/wp-content\/uploads\/2024\/05\/festa-degli-schietti-2.jpg","link":"https:\/\/www.typicalsicily.it\/en\/festa-degli-schietti-2-2\/","alt":"","author":"1","description":"","caption":"","name":"festa-degli-schietti-2-2","status":"inherit","uploaded_to":0,"date":"2024-05-09 09:14:24","modified":"2024-05-09 09:14:24","menu_order":0,"mime_type":"image\/jpeg","type":"image","subtype":"jpeg","icon":"https:\/\/www.typicalsicily.it\/wp-includes\/images\/media\/default.png","width":900,"height":1600,"sizes":{"thumbnail":"https:\/\/www.typicalsicily.it\/wp-content\/uploads\/2024\/05\/festa-degli-schietti-2-250x165.jpg","thumbnail-width":250,"thumbnail-height":165,"medium":"https:\/\/www.typicalsicily.it\/wp-content\/uploads\/2024\/05\/festa-degli-schietti-2.jpg","medium-width":900,"medium-height":1600,"medium_large":"https:\/\/www.typicalsicily.it\/wp-content\/uploads\/2024\/05\/festa-degli-schietti-2-768x1365.jpg","medium_large-width":768,"medium_large-height":1365,"large":"https:\/\/www.typicalsicily.it\/wp-content\/uploads\/2024\/05\/festa-degli-schietti-2.jpg","large-width":900,"large-height":1600,"1536x1536":"https:\/\/www.typicalsicily.it\/wp-content\/uploads\/2024\/05\/festa-degli-schietti-2-864x1536.jpg","1536x1536-width":864,"1536x1536-height":1536,"2048x2048":"https:\/\/www.typicalsicily.it\/wp-content\/uploads\/2024\/05\/festa-degli-schietti-2.jpg","2048x2048-width":900,"2048x2048-height":1600,"tyipical-sicily-thumbnail":"https:\/\/www.typicalsicily.it\/wp-content\/uploads\/2024\/05\/festa-degli-schietti-2-160x285.jpg","tyipical-sicily-thumbnail-width":160,"tyipical-sicily-thumbnail-height":285,"tyipical-sicily-taxonomy-filter":"https:\/\/www.typicalsicily.it\/wp-content\/uploads\/2024\/05\/festa-degli-schietti-2-169x300.jpg","tyipical-sicily-taxonomy-filter-width":169,"tyipical-sicily-taxonomy-filter-height":300}},{"ID":40559,"id":40559,"title":"pagina 1 foto definitiva","filename":"pagina-1-foto-definitiva-scaled.jpg","filesize":720368,"url":"https:\/\/www.typicalsicily.it\/wp-content\/uploads\/2024\/05\/pagina-1-foto-definitiva-scaled.jpg","link":"https:\/\/www.typicalsicily.it\/en\/pagina-1-foto-definitiva-2\/","alt":"","author":"1","description":"","caption":"","name":"pagina-1-foto-definitiva-2","status":"inherit","uploaded_to":0,"date":"2024-05-09 09:14:27","modified":"2024-05-09 09:14:27","menu_order":0,"mime_type":"image\/jpeg","type":"image","subtype":"jpeg","icon":"https:\/\/www.typicalsicily.it\/wp-includes\/images\/media\/default.png","width":1720,"height":2560,"sizes":{"thumbnail":"https:\/\/www.typicalsicily.it\/wp-content\/uploads\/2024\/05\/pagina-1-foto-definitiva-250x165.jpg","thumbnail-width":250,"thumbnail-height":165,"medium":"https:\/\/www.typicalsicily.it\/wp-content\/uploads\/2024\/05\/pagina-1-foto-definitiva-scaled.jpg","medium-width":1720,"medium-height":2560,"medium_large":"https:\/\/www.typicalsicily.it\/wp-content\/uploads\/2024\/05\/pagina-1-foto-definitiva-768x1143.jpg","medium_large-width":768,"medium_large-height":1143,"large":"https:\/\/www.typicalsicily.it\/wp-content\/uploads\/2024\/05\/pagina-1-foto-definitiva-scaled.jpg","large-width":1720,"large-height":2560,"1536x1536":"https:\/\/www.typicalsicily.it\/wp-content\/uploads\/2024\/05\/pagina-1-foto-definitiva-1032x1536.jpg","1536x1536-width":1032,"1536x1536-height":1536,"2048x2048":"https:\/\/www.typicalsicily.it\/wp-content\/uploads\/2024\/05\/pagina-1-foto-definitiva-1376x2048.jpg","2048x2048-width":1376,"2048x2048-height":2048,"tyipical-sicily-thumbnail":"https:\/\/www.typicalsicily.it\/wp-content\/uploads\/2024\/05\/pagina-1-foto-definitiva-192x285.jpg","tyipical-sicily-thumbnail-width":192,"tyipical-sicily-thumbnail-height":285,"tyipical-sicily-taxonomy-filter":"https:\/\/www.typicalsicily.it\/wp-content\/uploads\/2024\/05\/pagina-1-foto-definitiva-202x300.jpg","tyipical-sicily-taxonomy-filter-width":202,"tyipical-sicily-taxonomy-filter-height":300}},{"ID":40561,"id":40561,"title":"Palazzo-Daumale2","filename":"Palazzo-Daumale2.jpg","filesize":143600,"url":"https:\/\/www.typicalsicily.it\/wp-content\/uploads\/2024\/05\/Palazzo-Daumale2.jpg","link":"https:\/\/www.typicalsicily.it\/en\/palazzo-daumale2-2\/","alt":"","author":"1","description":"","caption":"","name":"palazzo-daumale2-2","status":"inherit","uploaded_to":0,"date":"2024-05-09 09:14:31","modified":"2024-05-09 09:14:31","menu_order":0,"mime_type":"image\/jpeg","type":"image","subtype":"jpeg","icon":"https:\/\/www.typicalsicily.it\/wp-includes\/images\/media\/default.png","width":960,"height":719,"sizes":{"thumbnail":"https:\/\/www.typicalsicily.it\/wp-content\/uploads\/2024\/05\/Palazzo-Daumale2-250x165.jpg","thumbnail-width":250,"thumbnail-height":165,"medium":"https:\/\/www.typicalsicily.it\/wp-content\/uploads\/2024\/05\/Palazzo-Daumale2.jpg","medium-width":960,"medium-height":719,"medium_large":"https:\/\/www.typicalsicily.it\/wp-content\/uploads\/2024\/05\/Palazzo-Daumale2-768x575.jpg","medium_large-width":768,"medium_large-height":575,"large":"https:\/\/www.typicalsicily.it\/wp-content\/uploads\/2024\/05\/Palazzo-Daumale2.jpg","large-width":960,"large-height":719,"1536x1536":"https:\/\/www.typicalsicily.it\/wp-content\/uploads\/2024\/05\/Palazzo-Daumale2.jpg","1536x1536-width":960,"1536x1536-height":719,"2048x2048":"https:\/\/www.typicalsicily.it\/wp-content\/uploads\/2024\/05\/Palazzo-Daumale2.jpg","2048x2048-width":960,"2048x2048-height":719,"tyipical-sicily-thumbnail":"https:\/\/www.typicalsicily.it\/wp-content\/uploads\/2024\/05\/Palazzo-Daumale2-380x285.jpg","tyipical-sicily-thumbnail-width":380,"tyipical-sicily-thumbnail-height":285,"tyipical-sicily-taxonomy-filter":"https:\/\/www.typicalsicily.it\/wp-content\/uploads\/2024\/05\/Palazzo-Daumale2-400x300.jpg","tyipical-sicily-taxonomy-filter-width":400,"tyipical-sicily-taxonomy-filter-height":300}},{"ID":40563,"id":40563,"title":"terrasini in volo foto introduzione","filename":"terrasini-in-volo-foto-introduzione-scaled.jpg","filesize":1401748,"url":"https:\/\/www.typicalsicily.it\/wp-content\/uploads\/2024\/05\/terrasini-in-volo-foto-introduzione-scaled.jpg","link":"https:\/\/www.typicalsicily.it\/en\/terrasini-in-volo-foto-introduzione-2\/","alt":"","author":"1","description":"","caption":"","name":"terrasini-in-volo-foto-introduzione-2","status":"inherit","uploaded_to":0,"date":"2024-05-09 09:14:39","modified":"2024-05-09 09:14:39","menu_order":0,"mime_type":"image\/jpeg","type":"image","subtype":"jpeg","icon":"https:\/\/www.typicalsicily.it\/wp-includes\/images\/media\/default.png","width":2560,"height":1920,"sizes":{"thumbnail":"https:\/\/www.typicalsicily.it\/wp-content\/uploads\/2024\/05\/terrasini-in-volo-foto-introduzione-250x165.jpg","thumbnail-width":250,"thumbnail-height":165,"medium":"https:\/\/www.typicalsicily.it\/wp-content\/uploads\/2024\/05\/terrasini-in-volo-foto-introduzione-scaled.jpg","medium-width":2560,"medium-height":1920,"medium_large":"https:\/\/www.typicalsicily.it\/wp-content\/uploads\/2024\/05\/terrasini-in-volo-foto-introduzione-768x576.jpg","medium_large-width":768,"medium_large-height":576,"large":"https:\/\/www.typicalsicily.it\/wp-content\/uploads\/2024\/05\/terrasini-in-volo-foto-introduzione-scaled.jpg","large-width":2560,"large-height":1920,"1536x1536":"https:\/\/www.typicalsicily.it\/wp-content\/uploads\/2024\/05\/terrasini-in-volo-foto-introduzione-1536x1152.jpg","1536x1536-width":1536,"1536x1536-height":1152,"2048x2048":"https:\/\/www.typicalsicily.it\/wp-content\/uploads\/2024\/05\/terrasini-in-volo-foto-introduzione-2048x1536.jpg","2048x2048-width":2048,"2048x2048-height":1536,"tyipical-sicily-thumbnail":"https:\/\/www.typicalsicily.it\/wp-content\/uploads\/2024\/05\/terrasini-in-volo-foto-introduzione-380x285.jpg","tyipical-sicily-thumbnail-width":380,"tyipical-sicily-thumbnail-height":285,"tyipical-sicily-taxonomy-filter":"https:\/\/www.typicalsicily.it\/wp-content\/uploads\/2024\/05\/terrasini-in-volo-foto-introduzione-400x300.jpg","tyipical-sicily-taxonomy-filter-width":400,"tyipical-sicily-taxonomy-filter-height":300}},{"ID":40565,"id":40565,"title":"torre alba corretto da inviare","filename":"torre-alba-corretto-da-inviare-scaled.jpg","filesize":972331,"url":"https:\/\/www.typicalsicily.it\/wp-content\/uploads\/2024\/05\/torre-alba-corretto-da-inviare-scaled.jpg","link":"https:\/\/www.typicalsicily.it\/en\/torre-alba-corretto-da-inviare-2\/","alt":"","author":"1","description":"","caption":"","name":"torre-alba-corretto-da-inviare-2","status":"inherit","uploaded_to":0,"date":"2024-05-09 09:14:47","modified":"2024-05-09 09:14:47","menu_order":0,"mime_type":"image\/jpeg","type":"image","subtype":"jpeg","icon":"https:\/\/www.typicalsicily.it\/wp-includes\/images\/media\/default.png","width":2560,"height":1707,"sizes":{"thumbnail":"https:\/\/www.typicalsicily.it\/wp-content\/uploads\/2024\/05\/torre-alba-corretto-da-inviare-250x165.jpg","thumbnail-width":250,"thumbnail-height":165,"medium":"https:\/\/www.typicalsicily.it\/wp-content\/uploads\/2024\/05\/torre-alba-corretto-da-inviare-scaled.jpg","medium-width":2560,"medium-height":1707,"medium_large":"https:\/\/www.typicalsicily.it\/wp-content\/uploads\/2024\/05\/torre-alba-corretto-da-inviare-768x512.jpg","medium_large-width":768,"medium_large-height":512,"large":"https:\/\/www.typicalsicily.it\/wp-content\/uploads\/2024\/05\/torre-alba-corretto-da-inviare-scaled.jpg","large-width":2560,"large-height":1707,"1536x1536":"https:\/\/www.typicalsicily.it\/wp-content\/uploads\/2024\/05\/torre-alba-corretto-da-inviare-1536x1024.jpg","1536x1536-width":1536,"1536x1536-height":1024,"2048x2048":"https:\/\/www.typicalsicily.it\/wp-content\/uploads\/2024\/05\/torre-alba-corretto-da-inviare-2048x1365.jpg","2048x2048-width":2048,"2048x2048-height":1365,"tyipical-sicily-thumbnail":"https:\/\/www.typicalsicily.it\/wp-content\/uploads\/2024\/05\/torre-alba-corretto-da-inviare-380x253.jpg","tyipical-sicily-thumbnail-width":380,"tyipical-sicily-thumbnail-height":253,"tyipical-sicily-taxonomy-filter":"https:\/\/www.typicalsicily.it\/wp-content\/uploads\/2024\/05\/torre-alba-corretto-da-inviare-400x267.jpg","tyipical-sicily-taxonomy-filter-width":400,"tyipical-sicily-taxonomy-filter-height":267}},{"ID":40567,"id":40567,"title":"WhatsApp Image 2023-04-08 at 19.41.08 (1)","filename":"WhatsApp-Image-2023-04-08-at-19.41.08-1.jpeg","filesize":424826,"url":"https:\/\/www.typicalsicily.it\/wp-content\/uploads\/2024\/05\/WhatsApp-Image-2023-04-08-at-19.41.08-1.jpeg","link":"https:\/\/www.typicalsicily.it\/en\/whatsapp-image-2023-04-08-at-19-41-08-1-2\/","alt":"","author":"1","description":"","caption":"","name":"whatsapp-image-2023-04-08-at-19-41-08-1-2","status":"inherit","uploaded_to":0,"date":"2024-05-09 09:14:51","modified":"2024-05-09 09:14:51","menu_order":0,"mime_type":"image\/jpeg","type":"image","subtype":"jpeg","icon":"https:\/\/www.typicalsicily.it\/wp-includes\/images\/media\/default.png","width":1600,"height":1396,"sizes":{"thumbnail":"https:\/\/www.typicalsicily.it\/wp-content\/uploads\/2024\/05\/WhatsApp-Image-2023-04-08-at-19.41.08-1-250x165.jpeg","thumbnail-width":250,"thumbnail-height":165,"medium":"https:\/\/www.typicalsicily.it\/wp-content\/uploads\/2024\/05\/WhatsApp-Image-2023-04-08-at-19.41.08-1.jpeg","medium-width":1600,"medium-height":1396,"medium_large":"https:\/\/www.typicalsicily.it\/wp-content\/uploads\/2024\/05\/WhatsApp-Image-2023-04-08-at-19.41.08-1-768x670.jpeg","medium_large-width":768,"medium_large-height":670,"large":"https:\/\/www.typicalsicily.it\/wp-content\/uploads\/2024\/05\/WhatsApp-Image-2023-04-08-at-19.41.08-1.jpeg","large-width":1600,"large-height":1396,"1536x1536":"https:\/\/www.typicalsicily.it\/wp-content\/uploads\/2024\/05\/WhatsApp-Image-2023-04-08-at-19.41.08-1-1536x1340.jpeg","1536x1536-width":1536,"1536x1536-height":1340,"2048x2048":"https:\/\/www.typicalsicily.it\/wp-content\/uploads\/2024\/05\/WhatsApp-Image-2023-04-08-at-19.41.08-1.jpeg","2048x2048-width":1600,"2048x2048-height":1396,"tyipical-sicily-thumbnail":"https:\/\/www.typicalsicily.it\/wp-content\/uploads\/2024\/05\/WhatsApp-Image-2023-04-08-at-19.41.08-1-327x285.jpeg","tyipical-sicily-thumbnail-width":327,"tyipical-sicily-thumbnail-height":285,"tyipical-sicily-taxonomy-filter":"https:\/\/www.typicalsicily.it\/wp-content\/uploads\/2024\/05\/WhatsApp-Image-2023-04-08-at-19.41.08-1-344x300.jpeg","tyipical-sicily-taxonomy-filter-width":344,"tyipical-sicily-taxonomy-filter-height":300}},{"ID":40569,"id":40569,"title":"chiesa madre - piazza duomo ok","filename":"chiesa-madre-piazza-duomo-ok-scaled.jpg","filesize":1093898,"url":"https:\/\/www.typicalsicily.it\/wp-content\/uploads\/2024\/05\/chiesa-madre-piazza-duomo-ok-scaled.jpg","link":"https:\/\/www.typicalsicily.it\/en\/chiesa-madre-piazza-duomo-ok-2\/","alt":"","author":"1","description":"","caption":"","name":"chiesa-madre-piazza-duomo-ok-2","status":"inherit","uploaded_to":0,"date":"2024-05-09 09:15:10","modified":"2024-05-09 09:15:10","menu_order":0,"mime_type":"image\/jpeg","type":"image","subtype":"jpeg","icon":"https:\/\/www.typicalsicily.it\/wp-includes\/images\/media\/default.png","width":2560,"height":1440,"sizes":{"thumbnail":"https:\/\/www.typicalsicily.it\/wp-content\/uploads\/2024\/05\/chiesa-madre-piazza-duomo-ok-250x165.jpg","thumbnail-width":250,"thumbnail-height":165,"medium":"https:\/\/www.typicalsicily.it\/wp-content\/uploads\/2024\/05\/chiesa-madre-piazza-duomo-ok-scaled.jpg","medium-width":2560,"medium-height":1440,"medium_large":"https:\/\/www.typicalsicily.it\/wp-content\/uploads\/2024\/05\/chiesa-madre-piazza-duomo-ok-768x432.jpg","medium_large-width":768,"medium_large-height":432,"large":"https:\/\/www.typicalsicily.it\/wp-content\/uploads\/2024\/05\/chiesa-madre-piazza-duomo-ok-scaled.jpg","large-width":2560,"large-height":1440,"1536x1536":"https:\/\/www.typicalsicily.it\/wp-content\/uploads\/2024\/05\/chiesa-madre-piazza-duomo-ok-1536x864.jpg","1536x1536-width":1536,"1536x1536-height":864,"2048x2048":"https:\/\/www.typicalsicily.it\/wp-content\/uploads\/2024\/05\/chiesa-madre-piazza-duomo-ok-2048x1152.jpg","2048x2048-width":2048,"2048x2048-height":1152,"tyipical-sicily-thumbnail":"https:\/\/www.typicalsicily.it\/wp-content\/uploads\/2024\/05\/chiesa-madre-piazza-duomo-ok-380x214.jpg","tyipical-sicily-thumbnail-width":380,"tyipical-sicily-thumbnail-height":214,"tyipical-sicily-taxonomy-filter":"https:\/\/www.typicalsicily.it\/wp-content\/uploads\/2024\/05\/chiesa-madre-piazza-duomo-ok-400x225.jpg","tyipical-sicily-taxonomy-filter-width":400,"tyipical-sicily-taxonomy-filter-height":225}},{"ID":40571,"id":40571,"title":"9. Lungomare Peppino Impastato","filename":"9.-Lungomare-Peppino-Impastato.jpg","filesize":137735,"url":"https:\/\/www.typicalsicily.it\/wp-content\/uploads\/2024\/05\/9.-Lungomare-Peppino-Impastato.jpg","link":"https:\/\/www.typicalsicily.it\/en\/9-lungomare-peppino-impastato-2\/","alt":"","author":"1","description":"","caption":"","name":"9-lungomare-peppino-impastato-2","status":"inherit","uploaded_to":0,"date":"2024-05-09 09:15:30","modified":"2024-05-09 09:15:30","menu_order":0,"mime_type":"image\/jpeg","type":"image","subtype":"jpeg","icon":"https:\/\/www.typicalsicily.it\/wp-includes\/images\/media\/default.png","width":1080,"height":721,"sizes":{"thumbnail":"https:\/\/www.typicalsicily.it\/wp-content\/uploads\/2024\/05\/9.-Lungomare-Peppino-Impastato-250x165.jpg","thumbnail-width":250,"thumbnail-height":165,"medium":"https:\/\/www.typicalsicily.it\/wp-content\/uploads\/2024\/05\/9.-Lungomare-Peppino-Impastato.jpg","medium-width":1080,"medium-height":721,"medium_large":"https:\/\/www.typicalsicily.it\/wp-content\/uploads\/2024\/05\/9.-Lungomare-Peppino-Impastato-768x513.jpg","medium_large-width":768,"medium_large-height":513,"large":"https:\/\/www.typicalsicily.it\/wp-content\/uploads\/2024\/05\/9.-Lungomare-Peppino-Impastato.jpg","large-width":1080,"large-height":721,"1536x1536":"https:\/\/www.typicalsicily.it\/wp-content\/uploads\/2024\/05\/9.-Lungomare-Peppino-Impastato.jpg","1536x1536-width":1080,"1536x1536-height":721,"2048x2048":"https:\/\/www.typicalsicily.it\/wp-content\/uploads\/2024\/05\/9.-Lungomare-Peppino-Impastato.jpg","2048x2048-width":1080,"2048x2048-height":721,"tyipical-sicily-thumbnail":"https:\/\/www.typicalsicily.it\/wp-content\/uploads\/2024\/05\/9.-Lungomare-Peppino-Impastato-380x254.jpg","tyipical-sicily-thumbnail-width":380,"tyipical-sicily-thumbnail-height":254,"tyipical-sicily-taxonomy-filter":"https:\/\/www.typicalsicily.it\/wp-content\/uploads\/2024\/05\/9.-Lungomare-Peppino-Impastato-400x267.jpg","tyipical-sicily-taxonomy-filter-width":400,"tyipical-sicily-taxonomy-filter-height":267}},{"ID":40573,"id":40573,"title":"434757310_815630187095612_5764502080212748315_n","filename":"434757310_815630187095612_5764502080212748315_n.jpg","filesize":539665,"url":"https:\/\/www.typicalsicily.it\/wp-content\/uploads\/2024\/05\/434757310_815630187095612_5764502080212748315_n.jpg","link":"https:\/\/www.typicalsicily.it\/en\/434757310_815630187095612_5764502080212748315_n-2\/","alt":"","author":"1","description":"","caption":"","name":"434757310_815630187095612_5764502080212748315_n-2","status":"inherit","uploaded_to":0,"date":"2024-05-09 09:15:31","modified":"2024-05-09 09:15:31","menu_order":0,"mime_type":"image\/jpeg","type":"image","subtype":"jpeg","icon":"https:\/\/www.typicalsicily.it\/wp-includes\/images\/media\/default.png","width":1403,"height":2048,"sizes":{"thumbnail":"https:\/\/www.typicalsicily.it\/wp-content\/uploads\/2024\/05\/434757310_815630187095612_5764502080212748315_n-250x165.jpg","thumbnail-width":250,"thumbnail-height":165,"medium":"https:\/\/www.typicalsicily.it\/wp-content\/uploads\/2024\/05\/434757310_815630187095612_5764502080212748315_n.jpg","medium-width":1403,"medium-height":2048,"medium_large":"https:\/\/www.typicalsicily.it\/wp-content\/uploads\/2024\/05\/434757310_815630187095612_5764502080212748315_n-768x1121.jpg","medium_large-width":768,"medium_large-height":1121,"large":"https:\/\/www.typicalsicily.it\/wp-content\/uploads\/2024\/05\/434757310_815630187095612_5764502080212748315_n.jpg","large-width":1403,"large-height":2048,"1536x1536":"https:\/\/www.typicalsicily.it\/wp-content\/uploads\/2024\/05\/434757310_815630187095612_5764502080212748315_n-1052x1536.jpg","1536x1536-width":1052,"1536x1536-height":1536,"2048x2048":"https:\/\/www.typicalsicily.it\/wp-content\/uploads\/2024\/05\/434757310_815630187095612_5764502080212748315_n.jpg","2048x2048-width":1403,"2048x2048-height":2048,"tyipical-sicily-thumbnail":"https:\/\/www.typicalsicily.it\/wp-content\/uploads\/2024\/05\/434757310_815630187095612_5764502080212748315_n-195x285.jpg","tyipical-sicily-thumbnail-width":195,"tyipical-sicily-thumbnail-height":285,"tyipical-sicily-taxonomy-filter":"https:\/\/www.typicalsicily.it\/wp-content\/uploads\/2024\/05\/434757310_815630187095612_5764502080212748315_n-206x300.jpg","tyipical-sicily-taxonomy-filter-width":206,"tyipical-sicily-taxonomy-filter-height":300}},{"ID":40575,"id":40575,"title":"B) Panchina Andrea Camilleri","filename":"B-Panchina-Andrea-Camilleri.jpg","filesize":334389,"url":"https:\/\/www.typicalsicily.it\/wp-content\/uploads\/2024\/05\/B-Panchina-Andrea-Camilleri.jpg","link":"https:\/\/www.typicalsicily.it\/en\/b-panchina-andrea-camilleri-2\/","alt":"","author":"1","description":"","caption":"","name":"b-panchina-andrea-camilleri-2","status":"inherit","uploaded_to":0,"date":"2024-05-09 09:15:33","modified":"2024-05-09 09:15:33","menu_order":0,"mime_type":"image\/jpeg","type":"image","subtype":"jpeg","icon":"https:\/\/www.typicalsicily.it\/wp-includes\/images\/media\/default.png","width":1440,"height":1079,"sizes":{"thumbnail":"https:\/\/www.typicalsicily.it\/wp-content\/uploads\/2024\/05\/B-Panchina-Andrea-Camilleri-250x165.jpg","thumbnail-width":250,"thumbnail-height":165,"medium":"https:\/\/www.typicalsicily.it\/wp-content\/uploads\/2024\/05\/B-Panchina-Andrea-Camilleri.jpg","medium-width":1440,"medium-height":1079,"medium_large":"https:\/\/www.typicalsicily.it\/wp-content\/uploads\/2024\/05\/B-Panchina-Andrea-Camilleri-768x575.jpg","medium_large-width":768,"medium_large-height":575,"large":"https:\/\/www.typicalsicily.it\/wp-content\/uploads\/2024\/05\/B-Panchina-Andrea-Camilleri.jpg","large-width":1440,"large-height":1079,"1536x1536":"https:\/\/www.typicalsicily.it\/wp-content\/uploads\/2024\/05\/B-Panchina-Andrea-Camilleri.jpg","1536x1536-width":1440,"1536x1536-height":1079,"2048x2048":"https:\/\/www.typicalsicily.it\/wp-content\/uploads\/2024\/05\/B-Panchina-Andrea-Camilleri.jpg","2048x2048-width":1440,"2048x2048-height":1079,"tyipical-sicily-thumbnail":"https:\/\/www.typicalsicily.it\/wp-content\/uploads\/2024\/05\/B-Panchina-Andrea-Camilleri-380x285.jpg","tyipical-sicily-thumbnail-width":380,"tyipical-sicily-thumbnail-height":285,"tyipical-sicily-taxonomy-filter":"https:\/\/www.typicalsicily.it\/wp-content\/uploads\/2024\/05\/B-Panchina-Andrea-Camilleri-400x300.jpg","tyipical-sicily-taxonomy-filter-width":400,"tyipical-sicily-taxonomy-filter-height":300}},{"ID":40577,"id":40577,"title":"C) Panchina Giovanni Meli","filename":"C-Panchina-Giovanni-Meli.jpg","filesize":221429,"url":"https:\/\/www.typicalsicily.it\/wp-content\/uploads\/2024\/05\/C-Panchina-Giovanni-Meli.jpg","link":"https:\/\/www.typicalsicily.it\/en\/c-panchina-giovanni-meli-2\/","alt":"","author":"1","description":"","caption":"","name":"c-panchina-giovanni-meli-2","status":"inherit","uploaded_to":0,"date":"2024-05-09 09:15:33","modified":"2024-05-09 09:15:33","menu_order":0,"mime_type":"image\/jpeg","type":"image","subtype":"jpeg","icon":"https:\/\/www.typicalsicily.it\/wp-includes\/images\/media\/default.png","width":1024,"height":768,"sizes":{"thumbnail":"https:\/\/www.typicalsicily.it\/wp-content\/uploads\/2024\/05\/C-Panchina-Giovanni-Meli-250x165.jpg","thumbnail-width":250,"thumbnail-height":165,"medium":"https:\/\/www.typicalsicily.it\/wp-content\/uploads\/2024\/05\/C-Panchina-Giovanni-Meli.jpg","medium-width":1024,"medium-height":768,"medium_large":"https:\/\/www.typicalsicily.it\/wp-content\/uploads\/2024\/05\/C-Panchina-Giovanni-Meli-768x576.jpg","medium_large-width":768,"medium_large-height":576,"large":"https:\/\/www.typicalsicily.it\/wp-content\/uploads\/2024\/05\/C-Panchina-Giovanni-Meli.jpg","large-width":1024,"large-height":768,"1536x1536":"https:\/\/www.typicalsicily.it\/wp-content\/uploads\/2024\/05\/C-Panchina-Giovanni-Meli.jpg","1536x1536-width":1024,"1536x1536-height":768,"2048x2048":"https:\/\/www.typicalsicily.it\/wp-content\/uploads\/2024\/05\/C-Panchina-Giovanni-Meli.jpg","2048x2048-width":1024,"2048x2048-height":768,"tyipical-sicily-thumbnail":"https:\/\/www.typicalsicily.it\/wp-content\/uploads\/2024\/05\/C-Panchina-Giovanni-Meli-380x285.jpg","tyipical-sicily-thumbnail-width":380,"tyipical-sicily-thumbnail-height":285,"tyipical-sicily-taxonomy-filter":"https:\/\/www.typicalsicily.it\/wp-content\/uploads\/2024\/05\/C-Panchina-Giovanni-Meli-400x300.jpg","tyipical-sicily-taxonomy-filter-width":400,"tyipical-sicily-taxonomy-filter-height":300}},{"ID":40579,"id":40579,"title":"Capo rama 3.","filename":"Capo-rama-3.jpg","filesize":1286953,"url":"https:\/\/www.typicalsicily.it\/wp-content\/uploads\/2024\/05\/Capo-rama-3.jpg","link":"https:\/\/www.typicalsicily.it\/en\/capo-rama-3-2\/","alt":"","author":"1","description":"","caption":"","name":"capo-rama-3-2","status":"inherit","uploaded_to":0,"date":"2024-05-09 09:15:35","modified":"2024-05-09 09:15:35","menu_order":0,"mime_type":"image\/jpeg","type":"image","subtype":"jpeg","icon":"https:\/\/www.typicalsicily.it\/wp-includes\/images\/media\/default.png","width":1536,"height":2048,"sizes":{"thumbnail":"https:\/\/www.typicalsicily.it\/wp-content\/uploads\/2024\/05\/Capo-rama-3-250x165.jpg","thumbnail-width":250,"thumbnail-height":165,"medium":"https:\/\/www.typicalsicily.it\/wp-content\/uploads\/2024\/05\/Capo-rama-3.jpg","medium-width":1536,"medium-height":2048,"medium_large":"https:\/\/www.typicalsicily.it\/wp-content\/uploads\/2024\/05\/Capo-rama-3-768x1024.jpg","medium_large-width":768,"medium_large-height":1024,"large":"https:\/\/www.typicalsicily.it\/wp-content\/uploads\/2024\/05\/Capo-rama-3.jpg","large-width":1536,"large-height":2048,"1536x1536":"https:\/\/www.typicalsicily.it\/wp-content\/uploads\/2024\/05\/Capo-rama-3-1152x1536.jpg","1536x1536-width":1152,"1536x1536-height":1536,"2048x2048":"https:\/\/www.typicalsicily.it\/wp-content\/uploads\/2024\/05\/Capo-rama-3.jpg","2048x2048-width":1536,"2048x2048-height":2048,"tyipical-sicily-thumbnail":"https:\/\/www.typicalsicily.it\/wp-content\/uploads\/2024\/05\/Capo-rama-3-214x285.jpg","tyipical-sicily-thumbnail-width":214,"tyipical-sicily-thumbnail-height":285,"tyipical-sicily-taxonomy-filter":"https:\/\/www.typicalsicily.it\/wp-content\/uploads\/2024\/05\/Capo-rama-3-225x300.jpg","tyipical-sicily-taxonomy-filter-width":225,"tyipical-sicily-taxonomy-filter-height":300}}],"virtual_tours":null,"videos":null},"_links":{"self":[{"href":"https:\/\/www.typicalsicily.it\/en\/wp-json\/wp\/v2\/listing\/40553","targetHints":{"allow":["GET"]}}],"collection":[{"href":"https:\/\/www.typicalsicily.it\/en\/wp-json\/wp\/v2\/listing"}],"about":[{"href":"https:\/\/www.typicalsicily.it\/en\/wp-json\/wp\/v2\/types\/listing"}],"wp:featuredmedia":[{"embeddable":true,"href":"https:\/\/www.typicalsicily.it\/en\/wp-json\/wp\/v2\/media\/40562"}],"wp:attachment":[{"href":"https:\/\/www.typicalsicily.it\/en\/wp-json\/wp\/v2\/media?parent=40553"}],"wp:term":[{"taxonomy":"listingcategory","embeddable":true,"href":"https:\/\/www.typicalsicily.it\/en\/wp-json\/wp\/v2\/listingcategory?post=40553"},{"taxonomy":"listingtags","embeddable":true,"href":"https:\/\/www.typicalsicily.it\/en\/wp-json\/wp\/v2\/listingtags?post=40553"}],"curies":[{"name":"wp","href":"https:\/\/api.w.org\/{rel}","templated":true}]}}